{"id":2336,"date":"2025-10-11T14:43:33","date_gmt":"2025-10-11T14:43:33","guid":{"rendered":"https:\/\/abbenpyorahuolto.fi\/product\/helkama-ce8-2kk-takuu\/"},"modified":"2026-04-29T22:27:43","modified_gmt":"2026-04-29T19:27:43","slug":"helkama-ce8-2kk-takuu","status":"publish","type":"product","link":"https:\/\/abbenpyorahuolto.fi\/sv\/product\/helkama-ce8-2kk-takuu\/","title":{"rendered":"Helkama CE8 \/ 2kk Takuu"},"content":{"rendered":"<p>Huollettu ja s\u00e4\u00e4nn\u00f6llisesti yll\u00e4pidetty suomalainen Helkama CE8 -s\u00e4hk\u00f6py\u00f6r\u00e4. Laadukas ja mukava kaupunki- ja ty\u00f6matkapy\u00f6r\u00e4, jossa on luotettava Shimano E6100 -s\u00e4hk\u00f6avustusj\u00e4rjestelm\u00e4. Moottori tarjoaa pehme\u00e4n ja luonnollisen avustuksen, ja avustustasot (3 eri) voi s\u00e4\u00e4t\u00e4\u00e4 omien tarpeiden mukaan.<\/p>\n<p>Py\u00f6r\u00e4 on vuosimallia 2021 ja sill\u00e4 on ajettu 13 500 km. Py\u00f6r\u00e4 on ollut s\u00e4\u00e4nn\u00f6llisesti huollettu (huoltokuitit tallessa) ja on teknisesti erinomaisessa kunnossa.<\/p>\n<p>Tekniset tiedot:<\/p>\n<p>\u2013 Merkki: Helkama<\/p>\n<p>\u2013 Malli: CE8<\/p>\n<p>\u2013 Tyyppi: S\u00e4hk\u00f6avusteinen kaupunkipy\u00f6r\u00e4<\/p>\n<p>\u2013 Rungon koko: 48 cm (sopii noin 160\u2013180 cm py\u00f6r\u00e4ilij\u00f6ille)<\/p>\n<p>\u2013 Renkaan koko: 28\u2033<\/p>\n<p>\u2013 Vaihteisto: Shimano Acera 8-v<\/p>\n<p>\u2013 Jarrut: Shimano hydrauliset levyjarrut<\/p>\n<p>\u2013 Moottori: Shimano Steps E6100 (250W)<\/p>\n<p>\u2013 Akun kapasiteetti: 504 Wh<\/p>\n<p>\u2013 Toimintamatka: noin 70\u2013130 km riippuen avustustasosta<\/p>\n<p>\u2013 V\u00e4ri: Harmaa<\/p>\n<p>\u2013 Vuosimalli: 2021<\/p>\n<p>\u2013 Ajo\u00adkilometrit: 13 500 km<\/p>\n<p>Tehdyt huollot ja edut:<\/p>\n<p>\u2013 Laaja huolto juuri tehty<\/p>\n<p>\u2013 Uusi takapakka ja uusi KMC E8 -ketju<\/p>\n<p>\u2013 Vaihteet ja jarrut s\u00e4\u00e4detty<\/p>\n<p>\u2013 Kaikki laakerit s\u00e4\u00e4detty (rullaa kuin uusi)<\/p>\n<p>\u2013 Vanteet rihtattu<\/p>\n<p>\u2013 Akun ja moottorin toiminta tarkistettu<\/p>\n<p>\u2013 Py\u00f6r\u00e4ss\u00e4 tavarateline, lokasuojat, tukijalka, sek\u00e4 etu- ja takavalot (kytketty s\u00e4hk\u00f6j\u00e4rjestelm\u00e4\u00e4n)<\/p>\n<p>\u2013 S\u00e4\u00e4dett\u00e4v\u00e4 ohjainkannatin<\/p>\n<p>\u2013 Mukana 2 avainta (lukko + akku), k\u00e4ytt\u00f6ohje ja huoltokuitit<\/p>\n<p>Takuu: Annan py\u00f6r\u00e4lle 2 kk takuun.<\/p>\n<p>Hinta: 1 490 \u20ac<\/p>\n<p>Kuljetus: Kuljetus j\u00e4rjestyy korvausta vastaan.<\/p>\n<p>Ota yhteytt\u00e4: Lis\u00e4tietoja tai koeajon varaamiseksi, l\u00e4het\u00e4 rohkeasti viesti\u00e4 tai soita minulle numeroon 0453250225.<\/p>","protected":false},"excerpt":{"rendered":"<p>Huollettu ja s\u00e4\u00e4nn\u00f6llisesti yll\u00e4pidetty suomalainen Helkama CE8 -s\u00e4hk\u00f6py\u00f6r\u00e4. Laadukas ja mukava kaupunki- ja ty\u00f6matkapy\u00f6r\u00e4, jossa on luotettava Shimano E6100 -s\u00e4hk\u00f6avustusj\u00e4rjestelm\u00e4. Moottori tarjoaa pehme\u00e4n ja luonnollisen avustuksen, ja avustustasot (3 eri) voi s\u00e4\u00e4t\u00e4\u00e4 omien tarpeiden mukaan. Py\u00f6r\u00e4 on vuosimallia 2021 ja sill\u00e4 on ajettu 13 500 km. Py\u00f6r\u00e4 on ollut s\u00e4\u00e4nn\u00f6llisesti huollettu (huoltokuitit tallessa) ja on [&hellip;]<\/p>","protected":false},"featured_media":2329,"comment_status":"open","ping_status":"closed","template":"","meta":{"om_disable_all_campaigns":false,"_monsterinsights_skip_tracking":false,"_monsterinsights_sitenote_active":false,"_monsterinsights_sitenote_note":"","_monsterinsights_sitenote_category":0},"product_cat":[28],"product_tag":[29],"class_list":{"0":"post-2336","1":"product","2":"type-product","3":"status-publish","4":"has-post-thumbnail","6":"product_cat-uncategorized","7":"product_tag-myyty","9":"first","10":"instock","11":"sale","12":"shipping-taxable","13":"product-type-simple"},"yoast_head":"<!-- This site is optimized with the Yoast SEO plugin v20.0 - https:\/\/yoast.com\/wordpress\/plugins\/seo\/ -->\n<title>Helkama CE8 \/ 2kk Takuu - Abben Py\u00f6r\u00e4huolto<\/title>\n<meta name=\"robots\" content=\"index, follow, max-snippet:-1, max-image-preview:large, max-video-preview:-1\" \/>\n<link rel=\"canonical\" href=\"https:\/\/abbenpyorahuolto.fi\/sv\/product\/helkama-ce8-2kk-takuu\/\" \/>\n<meta property=\"og:locale\" content=\"sv_SE\" \/>\n<meta property=\"og:type\" content=\"article\" \/>\n<meta property=\"og:title\" content=\"Helkama CE8 \/ 2kk Takuu - Abben Py\u00f6r\u00e4huolto\" \/>\n<meta property=\"og:description\" content=\"Huollettu ja s\u00e4\u00e4nn\u00f6llisesti yll\u00e4pidetty suomalainen Helkama CE8 -s\u00e4hk\u00f6py\u00f6r\u00e4. Laadukas ja mukava kaupunki- ja ty\u00f6matkapy\u00f6r\u00e4, jossa on luotettava Shimano E6100 -s\u00e4hk\u00f6avustusj\u00e4rjestelm\u00e4. Moottori tarjoaa pehme\u00e4n ja luonnollisen avustuksen, ja avustustasot (3 eri) voi s\u00e4\u00e4t\u00e4\u00e4 omien tarpeiden mukaan. Py\u00f6r\u00e4 on vuosimallia 2021 ja sill\u00e4 on ajettu 13 500 km. Py\u00f6r\u00e4 on ollut s\u00e4\u00e4nn\u00f6llisesti huollettu (huoltokuitit tallessa) ja on [&hellip;]\" \/>\n<meta property=\"og:url\" content=\"https:\/\/abbenpyorahuolto.fi\/sv\/product\/helkama-ce8-2kk-takuu\/\" \/>\n<meta property=\"og:site_name\" content=\"Abben Py\u00f6r\u00e4huolto\" \/>\n<meta property=\"article:publisher\" content=\"https:\/\/www.facebook.com\/people\/Alberts-cykelservice\/100067846394051\/\" \/>\n<meta property=\"article:modified_time\" content=\"2026-04-29T19:27:43+00:00\" \/>\n<meta property=\"og:image\" content=\"http:\/\/abbenpyorahuolto.fi\/wp-content\/uploads\/2025\/10\/1000015213-scaled.jpg\" \/>\n\t<meta property=\"og:image:width\" content=\"2560\" \/>\n\t<meta property=\"og:image:height\" content=\"1920\" \/>\n\t<meta property=\"og:image:type\" content=\"image\/jpeg\" \/>\n<meta name=\"twitter:card\" content=\"summary_large_image\" \/>\n<meta name=\"twitter:site\" content=\"@acykelservice\" \/>\n<meta name=\"twitter:label1\" content=\"Ber\u00e4knad l\u00e4stid\" \/>\n\t<meta name=\"twitter:data1\" content=\"1 minut\" \/>\n<script type=\"application\/ld+json\" class=\"yoast-schema-graph\">{\"@context\":\"https:\/\/schema.org\",\"@graph\":[{\"@type\":\"WebPage\",\"@id\":\"https:\/\/abbenpyorahuolto.fi\/product\/helkama-ce8-2kk-takuu\/\",\"url\":\"https:\/\/abbenpyorahuolto.fi\/product\/helkama-ce8-2kk-takuu\/\",\"name\":\"Helkama CE8 \/ 2kk Takuu - Abben Py\u00f6r\u00e4huolto\",\"isPartOf\":{\"@id\":\"https:\/\/abbenpyorahuolto.fi\/#website\"},\"datePublished\":\"2025-10-11T14:43:33+00:00\",\"dateModified\":\"2026-04-29T19:27:43+00:00\",\"breadcrumb\":{\"@id\":\"https:\/\/abbenpyorahuolto.fi\/product\/helkama-ce8-2kk-takuu\/#breadcrumb\"},\"inLanguage\":\"sv-SE\",\"potentialAction\":[{\"@type\":\"ReadAction\",\"target\":[\"https:\/\/abbenpyorahuolto.fi\/product\/helkama-ce8-2kk-takuu\/\"]}]},{\"@type\":\"BreadcrumbList\",\"@id\":\"https:\/\/abbenpyorahuolto.fi\/product\/helkama-ce8-2kk-takuu\/#breadcrumb\",\"itemListElement\":[{\"@type\":\"ListItem\",\"position\":1,\"name\":\"Home\",\"item\":\"https:\/\/abbenpyorahuolto.fi\/\"},{\"@type\":\"ListItem\",\"position\":2,\"name\":\"Tuotteet\",\"item\":\"https:\/\/abbenpyorahuolto.fi\/shop\/\"},{\"@type\":\"ListItem\",\"position\":3,\"name\":\"Helkama CE8 \/ 2kk Takuu\"}]},{\"@type\":\"WebSite\",\"@id\":\"https:\/\/abbenpyorahuolto.fi\/#website\",\"url\":\"https:\/\/abbenpyorahuolto.fi\/\",\"name\":\"Abben Py\u00f6r\u00e4huolto\",\"description\":\"Abben Liikkuva Py\u00f6r\u00e4huolto\",\"publisher\":{\"@id\":\"https:\/\/abbenpyorahuolto.fi\/#organization\"},\"potentialAction\":[{\"@type\":\"SearchAction\",\"target\":{\"@type\":\"EntryPoint\",\"urlTemplate\":\"https:\/\/abbenpyorahuolto.fi\/?s={search_term_string}\"},\"query-input\":\"required name=search_term_string\"}],\"inLanguage\":\"sv-SE\"},{\"@type\":\"Organization\",\"@id\":\"https:\/\/abbenpyorahuolto.fi\/#organization\",\"name\":\"Abben Py\u00f6r\u00e4huolto\",\"url\":\"https:\/\/abbenpyorahuolto.fi\/\",\"logo\":{\"@type\":\"ImageObject\",\"inLanguage\":\"sv-SE\",\"@id\":\"https:\/\/abbenpyorahuolto.fi\/#\/schema\/logo\/image\/\",\"url\":\"https:\/\/abbenpyorahuolto.fi\/wp-content\/uploads\/2025\/06\/ALBERTS-3.png\",\"contentUrl\":\"https:\/\/abbenpyorahuolto.fi\/wp-content\/uploads\/2025\/06\/ALBERTS-3.png\",\"width\":1080,\"height\":1080,\"caption\":\"Abben Py\u00f6r\u00e4huolto\"},\"image\":{\"@id\":\"https:\/\/abbenpyorahuolto.fi\/#\/schema\/logo\/image\/\"},\"sameAs\":[\"https:\/\/www.facebook.com\/people\/Alberts-cykelservice\/100067846394051\/\",\"https:\/\/twitter.com\/acykelservice\"]}]}<\/script>\n<!-- \/ Yoast SEO plugin. -->","yoast_head_json":{"title":"Helkama CE8 \/ 2kk Takuu - Abben Py\u00f6r\u00e4huolto","robots":{"index":"index","follow":"follow","max-snippet":"max-snippet:-1","max-image-preview":"max-image-preview:large","max-video-preview":"max-video-preview:-1"},"canonical":"https:\/\/abbenpyorahuolto.fi\/sv\/product\/helkama-ce8-2kk-takuu\/","og_locale":"sv_SE","og_type":"article","og_title":"Helkama CE8 \/ 2kk Takuu - Abben Py\u00f6r\u00e4huolto","og_description":"Huollettu ja s\u00e4\u00e4nn\u00f6llisesti yll\u00e4pidetty suomalainen Helkama CE8 -s\u00e4hk\u00f6py\u00f6r\u00e4. Laadukas ja mukava kaupunki- ja ty\u00f6matkapy\u00f6r\u00e4, jossa on luotettava Shimano E6100 -s\u00e4hk\u00f6avustusj\u00e4rjestelm\u00e4. Moottori tarjoaa pehme\u00e4n ja luonnollisen avustuksen, ja avustustasot (3 eri) voi s\u00e4\u00e4t\u00e4\u00e4 omien tarpeiden mukaan. Py\u00f6r\u00e4 on vuosimallia 2021 ja sill\u00e4 on ajettu 13 500 km. Py\u00f6r\u00e4 on ollut s\u00e4\u00e4nn\u00f6llisesti huollettu (huoltokuitit tallessa) ja on [&hellip;]","og_url":"https:\/\/abbenpyorahuolto.fi\/sv\/product\/helkama-ce8-2kk-takuu\/","og_site_name":"Abben Py\u00f6r\u00e4huolto","article_publisher":"https:\/\/www.facebook.com\/people\/Alberts-cykelservice\/100067846394051\/","article_modified_time":"2026-04-29T19:27:43+00:00","og_image":[{"width":2560,"height":1920,"url":"http:\/\/abbenpyorahuolto.fi\/wp-content\/uploads\/2025\/10\/1000015213-scaled.jpg","type":"image\/jpeg"}],"twitter_card":"summary_large_image","twitter_site":"@acykelservice","twitter_misc":{"Ber\u00e4knad l\u00e4stid":"1 minut"},"schema":{"@context":"https:\/\/schema.org","@graph":[{"@type":"WebPage","@id":"https:\/\/abbenpyorahuolto.fi\/product\/helkama-ce8-2kk-takuu\/","url":"https:\/\/abbenpyorahuolto.fi\/product\/helkama-ce8-2kk-takuu\/","name":"Helkama CE8 \/ 2kk Takuu - Abben Py\u00f6r\u00e4huolto","isPartOf":{"@id":"https:\/\/abbenpyorahuolto.fi\/#website"},"datePublished":"2025-10-11T14:43:33+00:00","dateModified":"2026-04-29T19:27:43+00:00","breadcrumb":{"@id":"https:\/\/abbenpyorahuolto.fi\/product\/helkama-ce8-2kk-takuu\/#breadcrumb"},"inLanguage":"sv-SE","potentialAction":[{"@type":"ReadAction","target":["https:\/\/abbenpyorahuolto.fi\/product\/helkama-ce8-2kk-takuu\/"]}]},{"@type":"BreadcrumbList","@id":"https:\/\/abbenpyorahuolto.fi\/product\/helkama-ce8-2kk-takuu\/#breadcrumb","itemListElement":[{"@type":"ListItem","position":1,"name":"Home","item":"https:\/\/abbenpyorahuolto.fi\/"},{"@type":"ListItem","position":2,"name":"Tuotteet","item":"https:\/\/abbenpyorahuolto.fi\/shop\/"},{"@type":"ListItem","position":3,"name":"Helkama CE8 \/ 2kk Takuu"}]},{"@type":"WebSite","@id":"https:\/\/abbenpyorahuolto.fi\/#website","url":"https:\/\/abbenpyorahuolto.fi\/","name":"Abben Py\u00f6r\u00e4huolto","description":"Abben Liikkuva Py\u00f6r\u00e4huolto","publisher":{"@id":"https:\/\/abbenpyorahuolto.fi\/#organization"},"potentialAction":[{"@type":"SearchAction","target":{"@type":"EntryPoint","urlTemplate":"https:\/\/abbenpyorahuolto.fi\/?s={search_term_string}"},"query-input":"required name=search_term_string"}],"inLanguage":"sv-SE"},{"@type":"Organization","@id":"https:\/\/abbenpyorahuolto.fi\/#organization","name":"Abben Py\u00f6r\u00e4huolto","url":"https:\/\/abbenpyorahuolto.fi\/","logo":{"@type":"ImageObject","inLanguage":"sv-SE","@id":"https:\/\/abbenpyorahuolto.fi\/#\/schema\/logo\/image\/","url":"https:\/\/abbenpyorahuolto.fi\/wp-content\/uploads\/2025\/06\/ALBERTS-3.png","contentUrl":"https:\/\/abbenpyorahuolto.fi\/wp-content\/uploads\/2025\/06\/ALBERTS-3.png","width":1080,"height":1080,"caption":"Abben Py\u00f6r\u00e4huolto"},"image":{"@id":"https:\/\/abbenpyorahuolto.fi\/#\/schema\/logo\/image\/"},"sameAs":["https:\/\/www.facebook.com\/people\/Alberts-cykelservice\/100067846394051\/","https:\/\/twitter.com\/acykelservice"]}]}},"jetpack_sharing_enabled":true,"_links":{"self":[{"href":"https:\/\/abbenpyorahuolto.fi\/sv\/wp-json\/wp\/v2\/product\/2336","targetHints":{"allow":["GET"]}}],"collection":[{"href":"https:\/\/abbenpyorahuolto.fi\/sv\/wp-json\/wp\/v2\/product"}],"about":[{"href":"https:\/\/abbenpyorahuolto.fi\/sv\/wp-json\/wp\/v2\/types\/product"}],"replies":[{"embeddable":true,"href":"https:\/\/abbenpyorahuolto.fi\/sv\/wp-json\/wp\/v2\/comments?post=2336"}],"wp:featuredmedia":[{"embeddable":true,"href":"https:\/\/abbenpyorahuolto.fi\/sv\/wp-json\/wp\/v2\/media\/2329"}],"wp:attachment":[{"href":"https:\/\/abbenpyorahuolto.fi\/sv\/wp-json\/wp\/v2\/media?parent=2336"}],"wp:term":[{"taxonomy":"product_cat","embeddable":true,"href":"https:\/\/abbenpyorahuolto.fi\/sv\/wp-json\/wp\/v2\/product_cat?post=2336"},{"taxonomy":"product_tag","embeddable":true,"href":"https:\/\/abbenpyorahuolto.fi\/sv\/wp-json\/wp\/v2\/product_tag?post=2336"}],"curies":[{"name":"wp","href":"https:\/\/api.w.org\/{rel}","templated":true}]}}